{"id":2022,"date":"2025-11-11T10:49:02","date_gmt":"2025-11-11T09:49:02","guid":{"rendered":"https:\/\/www.ggs-eick.de\/cms\/?page_id=2022"},"modified":"2025-11-11T10:49:02","modified_gmt":"2025-11-11T09:49:02","slug":"handy-und-smartwatchordnung","status":"publish","type":"page","link":"https:\/\/www.ggs-eick.de\/cms\/handy-und-smartwatchordnung\/","title":{"rendered":"Handy- und Smartwatchordnung"},"content":{"rendered":"\n<h2 class=\"wp-block-heading\"><strong>Handy- und Smartwatchordnung f\u00fcr die GGS Eick (und entsprechende Ger\u00e4te)<\/strong><\/h2>\n\n\n\n<p>(Beschlossen durch die Schulkonferenz am 09.10.2025)<\/p>\n\n\n\n<h3 class=\"wp-block-heading\"><strong>1. Grunds\u00e4tze<\/strong><\/h3>\n\n\n\n<p>Die Nutzung digitaler Endger\u00e4te (Handys, Smartwatches, Tablets) im Schulalltag soll klar geregelt werden, um Lernprozesse zu unterst\u00fctzen, Ablenkungen zu minimieren und das soziale Miteinander zu f\u00f6rdern. Diese Ordnung schafft Transparenz und Verbindlichkeit f\u00fcr alle Beteiligten.<\/p>\n\n\n\n<h3 class=\"wp-block-heading\"><strong>2. Nutzung digitaler Endger\u00e4te im Schulalltag<\/strong><\/h3>\n\n\n\n<h3 class=\"wp-block-heading\"><strong>2.1. Allgemeine Regelungen<\/strong><\/h3>\n\n\n\n<p>Auf dem Schulgel\u00e4nde (Geb\u00e4ude wie Schulhof und Sportst\u00e4tten) ist die private Nutzung von Handys, Smartwatches (Ausnahme: Nutzung im Schulmodus nur als Uhr) und Co grunds\u00e4tzlich untersagt.<\/p>\n\n\n\n<p>W\u00e4hrend des Unterrichts m\u00fcssen private digitale Ger\u00e4te ausgeschaltet oder im Flug-\/Schulmodus sein; sie sollten in der Tasche aufbewahrt werden, es sei denn, die Lehrkraft erlaubt die Nutzung zu Unterrichtszwecken.<\/p>\n\n\n\n<p>Ton-, Bild- und Videoaufnahmen sind ohne ausdr\u00fcckliche Erlaubnis von Lehrkr\u00e4ften untersagt.<\/p>\n\n\n\n<h3 class=\"wp-block-heading\"><strong>2.2. Sonderregelungen<\/strong><\/h3>\n\n\n\n<p>Dringende F\u00e4lle: Sch\u00fclerinnen und Sch\u00fcler d\u00fcrfen im Sekretariat oder in Absprache mit einer Lehrkraft ihre Eltern kontaktieren.<\/p>\n\n\n\n<p>Medizinische Gr\u00fcnde: Sch\u00fclerinnen und Sch\u00fcler, die aus gesundheitlichen Gr\u00fcnden auf ein digitales Ger\u00e4t angewiesen sind, k\u00f6nnen eine Ausnahmegenehmigung bei der Klassenleitung beantragen.<\/p>\n\n\n\n<p>Lehrkr\u00e4fte und Schulpersonal sollen aufgrund ihrer Vorbildfunktion Handys und Co. ausschlie\u00dflich in dienstlichen Zusammenh\u00e4ngen in daf\u00fcr vorgesehenen Bereichen (Lehrkr\u00e4ftezimmer) oder zu Unterrichtszwecken im Klassenraum nutzen.<\/p>\n\n\n\n<h3 class=\"wp-block-heading\"><strong>3. Konsequenzen bei Verst\u00f6\u00dfen<\/strong><\/h3>\n\n\n\n<p>Verst\u00f6\u00dfe gegen die Handyordnung k\u00f6nnen erzieherische Einwirkungen und\/oder Ordnungsma\u00dfnahmen (\u00a7 53 SchulG) nach sich ziehen: Im Rahmen der zu treffenden Entscheidung sind alle Umst\u00e4nde des Einzelfalls einzubeziehen. Eine Orientierung bietet der folgende Rahmen:<\/p>\n\n\n\n<figure class=\"wp-block-table is-style-stripes\"><table class=\"has-fixed-layout\"><thead><tr><th>Versto\u00df<\/th><th>Ma\u00dfnahme<\/th><\/tr><\/thead><tbody><tr><td>Erstmalige Missachtung der Regeln<\/td><td>In der Regel Ermahnung durch Lehrkraft &nbsp;<\/td><\/tr><tr><td>Wiederholte Nutzung trotz Ermahnung<\/td><td>In der Regel tempor\u00e4re Wegnahme und Einbehaltung des Ger\u00e4tes (regelhaft bis Ende des pers\u00f6nlichen Schultages) &nbsp;<\/td><\/tr><tr><td>Wiederholter oder schwerwiegender Versto\u00df (z.B. heimliche Aufnahmen, St\u00f6rungen des Unterrichts)<\/td><td>In der Regel Elternkontakt, Einbehaltung des Ger\u00e4ts, ggf. auch \u00fcber das Wochenende verbunden mit der Abholung durch Eltern und Elterngespr\u00e4ch<\/td><\/tr><tr><td>Nutzung in Pr\u00fcfungssituationen<\/td><td>Wertung als T\u00e4uschungsversuch<\/td><\/tr><tr><td>Verbreitung strafbarer Inhalte (z.B. Cybermobbing) &nbsp;<\/td><td>Information an die Schulleitung, ggf.&nbsp; Anzeige bei den zust\u00e4ndigen Beh\u00f6rden und erzieherische Einwirkungen oder Ordnungsma\u00dfnahmen<\/td><\/tr><\/tbody><\/table><\/figure>\n\n\n\n<h3 class=\"wp-block-heading\"><strong>4. Kommunikation und Transparenz<\/strong><\/h3>\n\n\n\n<p>Diese Ordnung wird zu Schuljahresbeginn in allen Klassen vorgestellt. Sie ist auf der Schulhomepage einsehbar.<\/p>\n\n\n\n<p>Erziehungsberechtigte werden \u00fcber die Regelungen auf Elternabenden informiert. Die Einhaltung der Regelungen wird regelm\u00e4\u00dfig \u00fcberpr\u00fcft und bei Bedarf in einem partizipativen Prozess \u00fcberarbeitet.<\/p>\n\n\n\n<h3 class=\"wp-block-heading\"><strong>5. Inkrafttreten und \u00dcberpr\u00fcfung<\/strong><\/h3>\n\n\n\n<p>Diese Ordnung tritt am 09.10.2025 in Kraft und wird bei Bedarf durch die Schulkonferenz angepasst. Anpassungen erfolgen auf Grundlage von Evaluationen und schulischen Bedarfen.<\/p>\n\n\n\n<p>GGS Eick<\/p>\n\n\n\n<p>Moers, 09.10.2025<\/p>\n\n\n\n<p>Schulleitung | Schulkonferenz | Kinderparlamente | Elternvertretung<\/p>\n","protected":false},"excerpt":{"rendered":"<p>Handy- und Smartwatchordnung f\u00fcr die GGS Eick (und entsprechende Ger\u00e4te) (Beschlossen durch die Schulkonferenz am 09.10.2025) 1. Grunds\u00e4tze Die Nutzung digitaler Endger\u00e4te (Handys, Smartwatches, Tablets) im Schulalltag soll klar geregelt werden, um Lernprozesse zu unterst\u00fctzen, Ablenkungen zu minimieren und das soziale Miteinander zu f\u00f6rdern. Diese Ordnung schafft Transparenz und Verbindlichkeit f\u00fcr alle Beteiligten. 2. Nutzung [&hellip;]<\/p>\n","protected":false},"author":1,"featured_media":0,"parent":0,"menu_order":0,"comment_status":"closed","ping_status":"closed","template":"","meta":{"_uag_custom_page_level_css":"","footnotes":""},"class_list":["post-2022","page","type-page","status-publish","hentry"],"jetpack_sharing_enabled":true,"uagb_featured_image_src":{"full":false,"thumbnail":false,"medium":false,"medium_large":false,"large":false,"1536x1536":false,"2048x2048":false,"post-thumbnail":false,"gutenix-thumb-s":false,"gutenix-thumb-m":false,"gutenix-thumb-post":false,"gutenix-thumb-l":false,"gutenix-thumb-xl":false,"gutenix-thumb-grid-2col":false,"gutenix-thumb-masonry":false,"gutenix-thumb-masonry-2col":false,"gutenix-thumb-justify":false},"uagb_author_info":{"display_name":"ggsadmin","author_link":"https:\/\/www.ggs-eick.de\/cms\/author\/ggsadmin\/"},"uagb_comment_info":0,"uagb_excerpt":"Handy- und Smartwatchordnung f\u00fcr die GGS Eick (und entsprechende Ger\u00e4te) (Beschlossen durch die Schulkonferenz am 09.10.2025) 1. Grunds\u00e4tze Die Nutzung digitaler Endger\u00e4te (Handys, Smartwatches, Tablets) im Schulalltag soll klar geregelt werden, um Lernprozesse zu unterst\u00fctzen, Ablenkungen zu minimieren und das soziale Miteinander zu f\u00f6rdern. Diese Ordnung schafft Transparenz und Verbindlichkeit f\u00fcr alle Beteiligten. 2. Nutzung&hellip;","_links":{"self":[{"href":"https:\/\/www.ggs-eick.de\/cms\/wp-json\/wp\/v2\/pages\/2022","targetHints":{"allow":["GET"]}}],"collection":[{"href":"https:\/\/www.ggs-eick.de\/cms\/wp-json\/wp\/v2\/pages"}],"about":[{"href":"https:\/\/www.ggs-eick.de\/cms\/wp-json\/wp\/v2\/types\/page"}],"author":[{"embeddable":true,"href":"https:\/\/www.ggs-eick.de\/cms\/wp-json\/wp\/v2\/users\/1"}],"replies":[{"embeddable":true,"href":"https:\/\/www.ggs-eick.de\/cms\/wp-json\/wp\/v2\/comments?post=2022"}],"version-history":[{"count":3,"href":"https:\/\/www.ggs-eick.de\/cms\/wp-json\/wp\/v2\/pages\/2022\/revisions"}],"predecessor-version":[{"id":2025,"href":"https:\/\/www.ggs-eick.de\/cms\/wp-json\/wp\/v2\/pages\/2022\/revisions\/2025"}],"wp:attachment":[{"href":"https:\/\/www.ggs-eick.de\/cms\/wp-json\/wp\/v2\/media?parent=2022"}],"curies":[{"name":"wp","href":"https:\/\/api.w.org\/{rel}","templated":true}]}}