{"id":1162,"date":"2023-05-08T11:18:15","date_gmt":"2023-05-08T09:18:15","guid":{"rendered":"https:\/\/www.ggs-eick.de\/cms\/?page_id=1162"},"modified":"2025-02-11T14:23:31","modified_gmt":"2025-02-11T13:23:31","slug":"schul-abc-2","status":"publish","type":"page","link":"https:\/\/www.ggs-eick.de\/cms\/schul-abc-2\/","title":{"rendered":"Schul-ABC"},"content":{"rendered":"\n<div class=\"wp-block-getwid-section\"><div class=\"wp-block-getwid-section__wrapper\"><div class=\"wp-block-getwid-section__inner-wrapper\"><div class=\"wp-block-getwid-section__background-holder\"><div class=\"wp-block-getwid-section__background has-background has-color-5-background-color\"><\/div><div class=\"wp-block-getwid-section__foreground\"><\/div><\/div><div class=\"wp-block-getwid-section__content\"><div class=\"wp-block-getwid-section__inner-content\">\n<h3 class=\"wp-block-heading\"><strong>Schul-ABC<\/strong><\/h3>\n\n\n\n<h4 class=\"wp-block-heading\"><strong><u>Anmeldung<\/u><\/strong><\/h4>\n\n\n\n<p><strong>Herzlich willkommen an unserer Schule! \u2013&nbsp;<\/strong>Eine neue Schule ist eine sehr spannende und auch oft aufregende Angelegenheit f\u00fcr Ihr Kind und vielleicht auch f\u00fcr Sie.<\/p>\n\n\n\n<p>Damit wir auch geb\u00fchrend Zeit f\u00fcr Ihr Kind und Sie haben, bitten wir um eine Terminvereinbarung.<\/p>\n\n\n\n<p>Zur offiziellen Lernanf\u00e4ngeranmeldung erhalten Sie nach den Sommerferien eine enstprechende Information von der Stadt Moers.<\/p>\n\n\n\n<h4 class=\"wp-block-heading\"><strong><u>Betreuung<\/u><\/strong><\/h4>\n\n\n\n<p>Nach dem Unterricht finden die Kinder in unserem Offenen Ganztag am Eicker Grund und an der Roseggerstra\u00dfe Zeit und Raum f\u00fcr Spiel und Freizeit. Zu festen Zeiten werden unter Aufsicht und in ruhiger Atmosph\u00e4re die Hausaufgaben erledigt \u2013 teilweise mit Unterst\u00fctzung von Lehrerinnen.<\/p>\n\n\n\n<h4 class=\"wp-block-heading\"><strong><u>Betreuungszeiten:<\/u><\/strong><\/h4>\n\n\n\n<p>An Schultagen nach dem Unterricht bis maximal 16h und an vielen Ferientagen.<\/p>\n\n\n\n<p>Am Standort Eicker Grund wird dar\u00fcber hinaus eine Fr\u00fchbetreuung ab 7.30h angeboten.<\/p>\n\n\n\n<p><strong>N\u00e4here Ausk\u00fcnfte erhalten Sie in unserer OGS zu den Telefonsprechzeiten<\/strong><\/p>\n\n\n\n<p><strong>Mo \u2013 Fr ab 11 Uhr<\/strong><\/p>\n\n\n\n<p>am Standort Eicker Grund unter&nbsp;01577\/4186876<\/p>\n\n\n\n<p>am Standort Roseggerstra\u00dfe unter&nbsp;02841\/3676053 und 01578\/8142918<\/p>\n\n\n\n<p>Via Mail erreichen Sie unsere jeweilige OGS &nbsp;unter<\/p>\n\n\n\n<p><a href=\"mailto:ogs-west@ggs-eick.de\">ogs-west(at)ggs-eick.de<\/a>&nbsp;(Hauptstandort Eicker Grund)<\/p>\n\n\n\n<p><a href=\"mailto:ogs-ost@ggs-eick.de\">ogs-ost(at)ggs-eick.de<\/a>&nbsp;(Teilstandort Roseggerstra\u00dfe)<\/p>\n\n\n\n<p>ogsleitung(at)ggs-eick.de<\/p>\n\n\n\n<h4 class=\"wp-block-heading\"><strong><u>Beurlaubung<\/u><\/strong><\/h4>\n\n\n\n<p>Beurlaubungen sind mindestens eine Woche vorher mit Begr\u00fcndung beim Klassenlehrer zu beantragen (pers\u00f6nlich oder schriftlich).<\/p>\n\n\n\n<p>! W I C H T I G !<\/p>\n\n\n\n<p>Beurlaubungen vor und nach den Ferien sind nur in (besonderen) Ausnahmef\u00e4llen zul\u00e4ssig und m\u00fcssen vier Wochen vorher schriftlich bei der Schulleiterin beantragt werden.<\/p>\n\n\n\n<h4 class=\"wp-block-heading\"><strong><u>F\u00f6rderunterricht<\/u><\/strong><\/h4>\n\n\n\n<p>F\u00f6rderunterricht gibt es grunds\u00e4tzlich f\u00fcr Kinder aller Leistungsgruppen. Es nehmen h\u00e4ufig nicht alle Kinder gleichzeitig teil, da der F\u00f6rderunterricht die M\u00f6glichkeit bietet, leistungshomogene Gruppen zu bilden. Manchmal entstehen so auch F\u00f6rdergruppen, die l\u00e4ngere Zeit bestehen bleiben. Wer jeweils an welchem F\u00f6rderunterricht teilnimmt, ergibt sich aus dem Unterricht und wird durch die Klassen- oder Fachlehrer vorher festgelegt.<\/p>\n\n\n\n<h4 class=\"wp-block-heading\"><strong><u>F\u00f6rderverein<\/u><\/strong><\/h4>\n\n\n\n<p>Unsere Schule hat an jedem Standort jeweils einen eigenen&nbsp; F\u00f6rderverein, der Schule, Sch\u00fcler und Schulveranstaltungen finanziell unterst\u00fctzt und sich als sehr gro\u00dfe Hilfe erwiesen hat. Wir w\u00fcnschen uns viele Mitglieder und w\u00fcrden uns freuen, wenn auch Sie durch Ihre Mitgliedschaft die Ziele des F\u00f6rdervereins unterst\u00fctzen w\u00fcrden.<\/p>\n\n\n\n<p><strong>Ansprechpartner sind:<\/strong><\/p>\n\n\n\n<p><strong>Merle Bahr f\u00fcr den Standort Eicker Grund<\/strong><\/p>\n\n\n\n<p><strong>Nadine Rusch f\u00fcr den Standort Roseggerstra\u00dfe<\/strong><\/p>\n\n\n\n<h4 class=\"wp-block-heading\"><strong><u>Fundsachen<\/u><\/strong><\/h4>\n\n\n\n<p>Verlorengegangene Kleidungsst\u00fccke oder andere \u201eSch\u00e4tze\u201d werden in einer \u201eSchatzkiste\u201c in der N\u00e4he des Hausmeisterzimmers gesammelt. Dort k\u00f6nnen sie bis zum letzten Schultag vor den&nbsp;n\u00e4chsten&nbsp;Ferien abgeholt werden.<\/p>\n\n\n\n<h4 class=\"wp-block-heading\"><strong><u>Kontaktdaten der GGS Eick<\/u><\/strong><\/h4>\n\n\n\n<p><a href=\"tel:02841%20%E2%80%93%2041832\">02841 \u2013 41832<\/a>&nbsp;\u2013 Fax:&nbsp;<a href=\"tel:02841-%2041%20950\">02841- 41 950<\/a>&nbsp;(Hauptstandort, Eicker Grund)<\/p>\n\n\n\n<p><a href=\"tel:02841%20-%2041559\">02841 \u2013 41559<\/a>&nbsp;\u2013 Fax:&nbsp;<a href=\"tel:02841%20%E2%80%93%209410604\">02841 \u2013 9410604<\/a>&nbsp;(Teilstandort, Roseggerstra\u00dfe)<\/p>\n\n\n\n<p>e-mail:&nbsp;&nbsp;&nbsp;schulleitung(at)ggs-eick.de<\/p>\n\n\n\n<p>e-mail:&nbsp;&nbsp;&nbsp;<a href=\"mailto:buero@ggs-eick.de\">sekretariat(at)ggs-eick.de<\/a><\/p>\n\n\n\n<p>Wenn Ihr Kind krank ist und den Unterricht nicht besuchen kann, muss die Schule innerhalb von zwei Tagen benachrichtigt werden. Zur Sicherheit Ihrer Kinder bitten wir darum uns jedoch&nbsp;sofort&nbsp;zu informieren, damit wir gegebenenfalls unsererseits t\u00e4tig werden, wenn Ihr Kind bei uns mal nicht ankommen sollte.<\/p>\n\n\n\n<p>Bei Beendigung des Schulvers\u00e4umnisses teilen Sie der Schule schriftlich den Grund f\u00fcr das Schulvers\u00e4umnis mit.<\/p>\n\n\n\n<p>Darf Ihr Kind aus gesundheitlichen Gr\u00fcnden nicht am Sportunterricht oder am Schwimmen teilnehmen, ben\u00f6tigen wir ebenfalls eine Entschuldigung. Ihr Kind schaut dann zu oder nimmt am Unterricht einer andern Klasse teil.<\/p>\n\n\n\n<h4 class=\"wp-block-heading\"><strong><u>Lernbereiche<\/u><\/strong><\/h4>\n\n\n\n<p>F\u00fcr die einzelnen Lernbereiche sind folgende Abk\u00fcrzungen \u00fcblich:<\/p>\n\n\n\n<p>D&nbsp;&nbsp;&nbsp;&nbsp;&nbsp;&nbsp;&nbsp;&nbsp;&nbsp;&nbsp;&nbsp;&nbsp; Deutsch<\/p>\n\n\n\n<p>DAZ&nbsp;&nbsp;&nbsp;&nbsp;&nbsp;&nbsp;&nbsp; Deutsch als Zweitsprache<\/p>\n\n\n\n<p>Jeki&nbsp;&nbsp;&nbsp;&nbsp;&nbsp;&nbsp;&nbsp; Jedem Kind ein Instrument<\/p>\n\n\n\n<p>SU&nbsp;&nbsp;&nbsp;&nbsp;&nbsp;&nbsp;&nbsp;&nbsp;&nbsp; Sachunterricht<\/p>\n\n\n\n<p>M&nbsp;&nbsp;&nbsp;&nbsp;&nbsp;&nbsp;&nbsp;&nbsp;&nbsp;&nbsp;&nbsp; Mathematik<\/p>\n\n\n\n<p>E&nbsp;&nbsp;&nbsp;&nbsp;&nbsp;&nbsp;&nbsp;&nbsp;&nbsp;&nbsp;&nbsp;&nbsp; Englisch<\/p>\n\n\n\n<p>SP&nbsp;&nbsp;&nbsp;&nbsp;&nbsp;&nbsp;&nbsp;&nbsp;&nbsp; Sport<\/p>\n\n\n\n<p>RU&nbsp;&nbsp;&nbsp;&nbsp;&nbsp;&nbsp;&nbsp;&nbsp;&nbsp; Religion, katholisch (KR) oder evangelisch (ER)<\/p>\n\n\n\n<p>MU&nbsp;&nbsp;&nbsp;&nbsp;&nbsp;&nbsp;&nbsp;&nbsp; Musik<\/p>\n\n\n\n<p>KU&nbsp;&nbsp;&nbsp;&nbsp;&nbsp;&nbsp;&nbsp;&nbsp;&nbsp; Kunst<\/p>\n\n\n\n<p>FU&nbsp;&nbsp;&nbsp;&nbsp;&nbsp;&nbsp;&nbsp;&nbsp;&nbsp; F\u00f6rderunterricht<\/p>\n\n\n\n<p>LRS&nbsp;&nbsp;&nbsp;&nbsp;&nbsp;&nbsp;&nbsp; Lese- und Rechtschreibf\u00f6rderung<\/p>\n\n\n\n<h4 class=\"wp-block-heading\"><strong><u>Schulb\u00fccher<\/u><\/strong><\/h4>\n\n\n\n<p>Soweit nicht von den Eltern angeschafft, sind Schulb\u00fccher Allgemeingut und sollen pfleglich behandelt werden. Versehen Sie daher bitte alle ausgeliehenen B\u00fccher mit einem Schutzumschlag. Bei Besch\u00e4digung oder Verlust m\u00fcssen die B\u00fccher von Ihnen ersetzt werden.<\/p>\n\n\n\n<h4 class=\"wp-block-heading\"><strong><u>Schulmitwirkungsorgane<\/u><\/strong><\/h4>\n\n\n\n<p>Die&nbsp;Klassenpflegschaft&nbsp;kommt einmal im Schuljahr oder bei Bedarf zusammen. Es ist eine Versammlung aus den Klasseneltern und dem Klassenlehrer. Sie w\u00e4hlen aus ihrer Mitte einen Klassenpflegschaftsvorsitzenden und einen Vertreter.<\/p>\n\n\n\n<p>Die&nbsp;Schulpflegschaft&nbsp;setzt sich aus allen Vorsitzenden der Klassenpflegschaften zusammen. Die Stellvertreter k\u00f6nnen, die Schulleiterin soll beratend an den Sitzungen teilnehmen. Die Schulpflegschaft kommt ebenfalls einmal im Schuljahr oder bei Bedarf zusammen. Gew\u00e4hlt werden der Vorsitzende und sein Vertreter sowie die Elternvertreter f\u00fcr die Schulkonferenz. Die Schulpflegschaft hat beratende Funktion und nimmt Anregungen und Beschl\u00fcsse der Klassenpflegschaften auf und gibt diese weiter an die Schulkonferenz.<\/p>\n\n\n\n<p>Die&nbsp;Schulkonferenz&nbsp;besteht aus den gew\u00e4hlten Vertretern aus der Schulpflegschaft (Vorsitzender und 5 weitere Elternvertreter) und aus der Lehrerkonferenz zu gleichen Teilen. Den Vorsitz hat die Schulleiterin. Sie tritt zweimal im Jahr oder bei Bedarf zusammen.<\/p>\n\n\n\n<p>Alle Funktionen der Schulmitwirkungsorgane sind ausf\u00fchrlich im Schulgesetz nachzulesen.&nbsp;<\/p>\n\n\n\n<p><strong>Hier k\u00f6nnen Sie sich das&nbsp;<a href=\"https:\/\/bass.schul-welt.de\/6043.htm\" target=\"_blank\" rel=\"noreferrer noopener\">Schulgesetz NRW<\/a>&nbsp;und die&nbsp;<a href=\"https:\/\/broschuerenservice.nrw.de\/default\/shop\/Das_ABC_der_Elternmitwirkung\" target=\"_blank\" rel=\"noreferrer noopener\">Brosch\u00fcre Elternmitarbeit<\/a>&nbsp;direkt im Bildungsportal des Landes einsehen.<\/strong><\/p>\n\n\n\n<h4 class=\"wp-block-heading\"><strong><u>Schulweg<\/u><\/strong><\/h4>\n\n\n\n<p>Es hat sich als sehr n\u00fctzlich erwiesen, den Schulweg bereits in den Tagen oder Wochen vor Schulantritt mit dem Kind zu \u00fcben. Auch werden in den ersten Tagen die Kinder meist noch von Ihnen zur Schule gebracht und wieder abgeholt. Erkl\u00e4ren Sie Ihrem Kind den Schulweg ganz genau, denn es wird sicher bald alleine gehen wollen. Bitte begleiten Sie Ihr Kind allerh\u00f6chstens bis zum Schulhof und nicht bis zur Klasse. Sie helfen damit Ihrem Kind sich selbstst\u00e4ndig zu organisieren.<\/p>\n\n\n\n<h4 class=\"wp-block-heading\"><strong><u>Sekretariat<\/u><\/strong><\/h4>\n\n\n\n<p>Mo+ Mi: 9h \u2013 11h \u2013 Frau Carboni (Hauptstandort Eicker Grund)<\/p>\n\n\n\n<p>Do: 9h \u2013 11h \u2013 Frau Carboni (Teilstandort Roseggerstra\u00dfe)<\/p>\n\n\n\n<h4 class=\"wp-block-heading\"><strong><u>Sprechzeiten der Lehrer<\/u><\/strong><\/h4>\n\n\n\n<p>Wir bitten Sie um Verst\u00e4ndnis daf\u00fcr, dass die Lehrer w\u00e4hrend des Unterrichts und der Pausen in der Regel nicht zu sprechen sind.<\/p>\n\n\n\n<p>Sollten Sie ein Gespr\u00e4ch w\u00fcnschen, vereinbaren Sie bitte einen Termin.<\/p>\n\n\n\n<h4 class=\"wp-block-heading\"><strong><u>Unterrichtszeiten und Pausen<\/u><\/strong><\/h4>\n\n\n\n<div class=\"wp-block-getwid-section\" style=\"margin-top:0px;margin-bottom:16px\"><div class=\"wp-block-getwid-section__wrapper\" style=\"margin-right:401px;padding-top:0px;padding-bottom:0px;padding-left:0px\"><div class=\"wp-block-getwid-section__inner-wrapper\"><div class=\"wp-block-getwid-section__background-holder\"><div class=\"wp-block-getwid-section__background\"><\/div><div class=\"wp-block-getwid-section__foreground\"><\/div><\/div><div class=\"wp-block-getwid-section__content\"><div class=\"wp-block-getwid-section__inner-content\">\n<div class=\"wp-block-getwid-table has-table-layout-auto has-border-collapse-collapse\"><table><tbody><tr><td colspan=\"2\" style=\"text-align:center;background-color:#ebe5d7;border-color:#000;padding-left:5px;padding-top:2px;padding-bottom:2px\"><strong>F\u00fcr beide Standorte <br><br>Eicker Grund und Roseggerstra\u00dfe<\/strong><\/td><\/tr><tr><td style=\"border-color:#000;padding-left:5px;padding-top:2px;padding-bottom:2px\">1. Stunde<\/td><td style=\"border-color:#000;padding-left:5px;padding-top:2px;padding-bottom:2px\">8:00 \u2013 8:45 Uhr<\/td><\/tr><tr><td style=\"border-color:#000;padding-left:5px;padding-top:2px;padding-bottom:2px\">2. Stunde<\/td><td style=\"border-color:#000;padding-left:5px;padding-top:2px;padding-bottom:2px\">8:50 \u2013 9:35 Uhr<\/td><\/tr><tr><td style=\"border-color:#000;padding-left:5px;padding-top:2px;padding-bottom:2px\">Hofpause Kl. 1 + 2\/ 3 + 4<\/td><td style=\"border-color:#000;padding-left:5px;padding-top:2px;padding-bottom:2px\">9:35 \u2013 9:50 Uhr<\/td><\/tr><tr><td style=\"border-color:#000;padding-left:5px;padding-top:2px;padding-bottom:2px\">Fr\u00fchst\u00fcckspause<\/td><td style=\"border-color:#000;padding-left:5px;padding-top:2px;padding-bottom:2px\">9:45 \u2013 10:05 Uhr<\/td><\/tr><tr><td style=\"border-color:#000;padding-left:5px;padding-top:2px;padding-bottom:2px\">3. Stunde<\/td><td style=\"border-color:#000;padding-left:5px;padding-top:2px;padding-bottom:2px\">10:05 \u2013 10:50Uhr<\/td><\/tr><tr><td style=\"border-color:#000;padding-left:5px;padding-top:2px;padding-bottom:2px\">4. Stunde<\/td><td style=\"border-color:#000;padding-left:5px;padding-top:2px;padding-bottom:2px\">10:55 \u2013 11:40 Uhr<\/td><\/tr><tr><td style=\"border-color:#000;padding-left:5px;padding-top:2px;padding-bottom:2px\">Hofpause<\/td><td style=\"border-color:#000;padding-left:5px;padding-top:2px;padding-bottom:2px\">11:40 \u2013 11:55 Uhr<\/td><\/tr><tr><td style=\"border-color:#000;padding-left:5px;padding-top:2px;padding-bottom:2px\">5. Stunde<\/td><td style=\"border-color:#000;padding-left:5px;padding-top:2px;padding-bottom:2px\">11:55 \u2013 12:40 Uhr<\/td><\/tr><tr><td style=\"border-color:#000;padding-left:5px;padding-top:2px;padding-bottom:2px\">6. Stunde<\/td><td style=\"border-color:#000;padding-left:5px;padding-top:2px;padding-bottom:2px\">12:45 \u2013 13:30 Uhr<\/td><\/tr><\/tbody><\/table><\/div>\n<\/div><\/div><\/div><\/div><\/div>\n\n\n\n<p>Die Kinder werden erst&nbsp;ab 7.45 Uhr&nbsp;beaufsichtigt. Schicken Sie Ihr Kind also bitte nicht zu fr\u00fch zur Schule.<\/p>\n\n\n\n<p>Kinder, die mit dem Schulbus kommen, werden direkt betreut.<\/p>\n\n\n\n<h4 class=\"wp-block-heading\"><strong><u>Versicherung<\/u><\/strong><\/h4>\n\n\n\n<p>Ihr Kind ist sowohl auf seinem Schulweg als auch in der Schule versichert. Sollte sich Ihr Kind in der Schule oder auf dem Schulweg so verletzen, dass Sie einen Arzt aufsuchen m\u00fcssen, werden die dabei entstehenden Kosten von der Unfallkasse NRW \u00fcbernommen. F\u00fcr die Unfallmeldung, die wir innerhalb von drei Tagen machen m\u00fcssen, ben\u00f6tigen wir folgende Angaben:<\/p>\n\n\n\n<ol style=\"list-style-type:1\" class=\"wp-block-list\">\n<li>Welcher Arzt hat Ihr Kind zuerst behandelt?<\/li>\n\n\n\n<li>Welche K\u00f6rperteile sind verletzt?<\/li>\n\n\n\n<li>Welche Verletzung hat Ihr Kind?<\/li>\n\n\n\n<li>Wo, wann und wie geschah der Unfall?<\/li>\n\n\n\n<li>Unfallzeugen, falls vorhanden<\/li>\n\n\n\n<li>Wann hat Ihr Kind den Schulbesuch wieder aufgenommen?<\/li>\n<\/ol>\n\n\n\n<p><strong>Bitte leiten Sie diese Angaben m\u00f6glichst schnell an die Schule weiter, am besten w\u00e4hrend der Sprechzeiten im Sekretariat.<\/strong><\/p>\n<\/div><\/div><\/div><\/div><\/div>\n","protected":false},"excerpt":{"rendered":"","protected":false},"author":1,"featured_media":0,"parent":0,"menu_order":0,"comment_status":"closed","ping_status":"closed","template":"","meta":{"_uag_custom_page_level_css":"","footnotes":""},"class_list":["post-1162","page","type-page","status-publish","hentry"],"jetpack_sharing_enabled":true,"uagb_featured_image_src":{"full":false,"thumbnail":false,"medium":false,"medium_large":false,"large":false,"1536x1536":false,"2048x2048":false,"post-thumbnail":false,"gutenix-thumb-s":false,"gutenix-thumb-m":false,"gutenix-thumb-post":false,"gutenix-thumb-l":false,"gutenix-thumb-xl":false,"gutenix-thumb-grid-2col":false,"gutenix-thumb-masonry":false,"gutenix-thumb-masonry-2col":false,"gutenix-thumb-justify":false},"uagb_author_info":{"display_name":"ggsadmin","author_link":"https:\/\/www.ggs-eick.de\/cms\/author\/ggsadmin\/"},"uagb_comment_info":0,"uagb_excerpt":null,"_links":{"self":[{"href":"https:\/\/www.ggs-eick.de\/cms\/wp-json\/wp\/v2\/pages\/1162","targetHints":{"allow":["GET"]}}],"collection":[{"href":"https:\/\/www.ggs-eick.de\/cms\/wp-json\/wp\/v2\/pages"}],"about":[{"href":"https:\/\/www.ggs-eick.de\/cms\/wp-json\/wp\/v2\/types\/page"}],"author":[{"embeddable":true,"href":"https:\/\/www.ggs-eick.de\/cms\/wp-json\/wp\/v2\/users\/1"}],"replies":[{"embeddable":true,"href":"https:\/\/www.ggs-eick.de\/cms\/wp-json\/wp\/v2\/comments?post=1162"}],"version-history":[{"count":10,"href":"https:\/\/www.ggs-eick.de\/cms\/wp-json\/wp\/v2\/pages\/1162\/revisions"}],"predecessor-version":[{"id":1889,"href":"https:\/\/www.ggs-eick.de\/cms\/wp-json\/wp\/v2\/pages\/1162\/revisions\/1889"}],"wp:attachment":[{"href":"https:\/\/www.ggs-eick.de\/cms\/wp-json\/wp\/v2\/media?parent=1162"}],"curies":[{"name":"wp","href":"https:\/\/api.w.org\/{rel}","templated":true}]}}