{"id":1027,"date":"2023-05-06T12:24:29","date_gmt":"2023-05-06T10:24:29","guid":{"rendered":"https:\/\/www.ggs-eick.de\/cms\/?page_id=1027"},"modified":"2023-09-05T18:26:52","modified_gmt":"2023-09-05T16:26:52","slug":"lehren-und-lernen","status":"publish","type":"page","link":"https:\/\/www.ggs-eick.de\/cms\/lehren-und-lernen\/","title":{"rendered":"Lehren und Lernen NEU"},"content":{"rendered":"\n<div class=\"wp-block-getwid-section\"><div class=\"wp-block-getwid-section__wrapper\"><div class=\"wp-block-getwid-section__inner-wrapper\"><div class=\"wp-block-getwid-section__background-holder\"><div class=\"wp-block-getwid-section__background has-background has-color-5-background-color\"><\/div><div class=\"wp-block-getwid-section__foreground\"><\/div><\/div><div class=\"wp-block-getwid-section__content\"><div class=\"wp-block-getwid-section__inner-content\">\n<p class=\"has-text-align-center has-large-font-size\"><strong>Lehren und Lernen<\/strong><\/p>\n\n\n\n<p class=\"has-text-align-center has-small-font-size\"><strong>(Stand 03\/2022)<\/strong><\/p>\n\n\n\n<p class=\"has-text-align-justify has-medium-font-size\">Was ist guter Unterricht? Wann ist Unterricht gewinnbringend, wann findet Lernzuwachs statt, wann erm\u00f6glicht er die kognitive, emotionale und soziale Weiterentwicklung des Kindes?<\/p>\n\n\n\n<p class=\"has-text-align-justify has-medium-font-size\">Wir orientieren uns hierbei an den Kriterien des guten Unterrichts nach Hilbert Meyer. Sein Ansatz ist in der (Grundschul-) P\u00e4dagogik fest verankert und findet auch bei uns seine Ausgestaltung, wie im Folgenden skizziert werden soll.&nbsp;<\/p>\n\n\n\n<p class=\"has-medium-font-size\">Weiter wollen wir auf verschiedene Aspekte, die zu der Erf\u00fcllung beitragen oder unsere Schule in besonderer Weise pr\u00e4gen, eingehen.<\/p>\n\n\n\n<p class=\"has-medium-font-size\" style=\"text-decoration:underline\"><strong>Was ist f\u00fcr uns guter Unterricht?<\/strong><strong><\/strong><\/p>\n\n\n\n<p class=\"has-medium-font-size\">Die Gestaltung von Unterrichtsprozessen geh\u00f6rt mit zu unseren Kernaufgaben, daher kommt diesen eine hohe Bedeutung zu.<\/p>\n\n\n\n<p class=\"has-medium-font-size\">Meyer definiert 10 Merkmale:<\/p>\n\n\n\n<p class=\"has-medium-font-size\" style=\"font-style:normal;font-weight:800\"><strong>1. Klare Strukturierung des Unterrichtsprozesses<\/strong><\/p>\n\n\n\n<p class=\"has-medium-font-size\">Um den Unterricht zu strukturieren und f\u00fcr die Kinder diese Struktur altersgem\u00e4\u00df aufzubereiten, setzen wir auf Regeln und Rituale.<\/p>\n\n\n\n<div class=\"wp-block-group is-horizontal is-nowrap is-layout-flex wp-container-core-group-is-layout-41b81202 wp-block-group-is-layout-flex\">\n<div class=\"wp-block-columns is-layout-flex wp-container-core-columns-is-layout-9d6595d7 wp-block-columns-is-layout-flex\">\n<div class=\"wp-block-column is-layout-flow wp-block-column-is-layout-flow\" style=\"flex-basis:100%\">\n<p class=\"has-medium-font-size\" style=\"font-style:normal;font-weight:800\"><strong>2. Hoher Anteil echter Lernzeit<\/strong><\/p>\n<\/div>\n<\/div>\n<\/div>\n\n\n\n<p class=\"has-medium-font-size\">Aus nutzen von Bildungszeiten durch F\u00f6rderungen im Schulalltag, Begleitung der Kinder im Distanzlernen, Aussch\u00f6pfen von Zeitfenstern erg\u00e4nzen wir durch einen vorbereiteten Unterricht, der viel Lernzeit bereits durch seine Planung, Struktur und Methodenwahl erm\u00f6glicht.<\/p>\n\n\n\n<p class=\"has-medium-font-size\" style=\"font-style:normal;font-weight:800\"><strong>3. Lernf\u00f6rderliches Unterrichtsklima<\/strong><\/p>\n\n\n\n<p class=\"has-medium-font-size\">In guter Gesellschaft und Gemeinschaft lernt es sich besser und leichter, daher ist es f\u00fcr uns wichtig, eine gute Schulkultur zu pflegen und zu f\u00f6rdern \u2013 durch eine gewaltfreie Kommunikationstechnik, Benimm ist in und andere Ma\u00dfnahmen (siehe Konzept zur Ermutigenden Erziehung\/ Erziehungskonzept).<\/p>\n\n\n\n<p class=\"has-medium-font-size\" style=\"font-style:normal;font-weight:800\"><strong>4. Inhaltliche Klarheit<\/strong><\/p>\n\n\n\n<p class=\"has-medium-font-size\">Die Auseinandersetzung mit dem Lerninhalt erfolgt durch Fachlehrkr\u00e4fte und wird durch den gegenseitigen Austausch und professions\u00fcbergreifende gegenseitige Hilfe erm\u00f6glicht; so kann es dazu beitragen, dass Inhalte klar und verst\u00e4ndlich dem Lernenden beigebracht werden.<\/p>\n\n\n\n<p class=\"has-medium-font-size\" style=\"font-style:normal;font-weight:800\"><strong>5. Sinnstiftendes Kommunizieren<\/strong><\/p>\n\n\n\n<p class=\"has-medium-font-size\">Bewusst schaffen wir Sprech- und Erz\u00e4hlanl\u00e4sse und arbeiten an unserer Feedback-Kultur, um Kommunikation sinnstiftend, zielf\u00fchrend und angemessen zu f\u00f6rdern.<\/p>\n\n\n\n<p class=\"has-medium-font-size\" style=\"font-style:normal;font-weight:800\"><strong>6. Methodenvielfalt<\/strong><\/p>\n\n\n\n<p class=\"has-medium-font-size\">Im Rahmen der Unterrichtsplanung wird die Wahl der Methode beleuchtet und methodische Zug\u00e4nge werden zielf\u00fchrend ausgesucht, dabei nehmen auch kooperative Methoden eine gro\u00dfe Bedeutung an unserer Schule ein. Weiterhin bildet sich das Kollegium fort, um neue methodische Herangehensweisen auch vor dem Hintergrund der wachsenden digitalen Offerten nutzen zu k\u00f6nnen. (s. Methodenkonzept)<\/p>\n\n\n\n<p class=\"has-medium-font-size\" style=\"font-style:normal;font-weight:800\"><strong>7. Individuelles F\u00f6rdern<\/strong><\/p>\n\n\n\n<p class=\"has-medium-font-size\">Kinder kommen mit unterschiedlichen Lernvoraussetzungen in die Schule und auch ihre Lernentwicklung verl\u00e4uft heterogen \u2013 daher legen wir gro\u00dfen Wert darauf, die Kinder individuell zu f\u00f6rdern und zu f\u00f6rdern (siehe F\u00f6rderkonzept).<\/p>\n\n\n\n<p class=\"has-medium-font-size\" style=\"font-style:normal;font-weight:800\"><strong>8. Intelligentes \u00dcben<\/strong><\/p>\n\n\n\n<p class=\"has-medium-font-size\">Unterschiedliche \u00dcbungsformate werden vor allem zum Vertiefen und Wiederholen von Inhalten genutzt. Weiterhin arbeiten daran, Kinder zunehmend mehr zu selbstst\u00e4ndigen \u00dcbern \/\u00dcberinnen zu begleiten, um f\u00fcr sich selbst gewinnbringende Formate zu nutzen.<\/p>\n\n\n\n<p class=\"has-medium-font-size\" style=\"font-style:normal;font-weight:800\"><strong>9. Transparente Leistungserwartungen<\/strong><\/p>\n\n\n\n<p class=\"has-medium-font-size\">Es ist uns wichtig, dass Kinder ein realistisches Selbstbild ihres K\u00f6nnens entwickeln und gleichsam verstehen, woran sie weiterarbeiten k\u00f6nnen. Aus diesem Grund arbeiten wir mit Selbsteinsch\u00e4tzungsb\u00f6gen, Rasterzeugnissen und Checklisten, beispielsweise in der Aufsatzerziehung (siehe Leistungskonzept).<\/p>\n\n\n\n<p class=\"has-medium-font-size\" style=\"font-style:normal;font-weight:800\"><strong>10. Vorbereitete Lernumgebung<\/strong><\/p>\n\n\n\n<p class=\"has-medium-font-size\">Im Rahmen der Vorbereitung wird auch die Umgebung vorbereitet, damit die Kinder hier direkt lernen k\u00f6nnen und wir einen hohen Anteil der Lernzeit erreichen.<\/p>\n\n\n\n<p class=\"has-small-font-size\">(Vgl. Zehn Merkmale guten Unterrichts nach H. Meyer aus: Petersen \/ Reinert \/ Gonschorek \/ Schneider (2010): \u201eEinf\u00fchrung in die Schulp\u00e4dagogik und Unterrichtsplanung\u201c, Donauw\u00f6rth, 7. Auflage, Auszug S. 232-238.)<\/p>\n\n\n\n<p class=\"has-medium-font-size\" style=\"text-decoration:underline\"><strong>Classroom Management an der GGS Eick<\/strong><strong><\/strong><\/p>\n\n\n\n<p class=\"has-medium-font-size\">\u201eUnter&nbsp;<em>classroom management<\/em>&nbsp;sind alle Aktivit\u00e4ten zu verstehen, die Lehrkr\u00e4fte unternehmen, um eine Lernumgebung zu gestalten [\u2026]\u201c um Lernen auf verschiedenen Ebenen zu erm\u00f6glichen.<\/p>\n\n\n\n<p class=\"has-text-align-justify has-medium-font-size\">Nach einem offenen Anfang, in welchem die Kinder erst einmal ankommen k\u00f6nnen, Fragen gestellt, Austausch erm\u00f6glicht und Inhalte aufgearbeitet werden k\u00f6nnen, beginnen wir gemeinsam mit dem Tagesplan, welcher sichtbar und damit transparent die Kinder durch ihren Schulalltag f\u00fchrt. So wissen sie, was sie erwarten wird und haben einen Rahmen, der ihnen das Lernen erleichtert.<\/p>\n\n\n\n<p class=\"has-medium-font-size\">Gerade f\u00fcr Kinder mit dem F\u00f6rderschwerpunkt emotionale und soziale Entwicklung ist dies eine relevante St\u00fctze, die ihnen Sicherheit gibt.<\/p>\n\n\n\n<p class=\"has-text-align-justify has-medium-font-size\">Auch erleben wir, dass viele Kinder zu Hause immer weniger in Strukturen leben k\u00f6nnen und sie dadurch zunehmend verunsichert sind. Genau diese Struktur und Klarheit kann ihnen dann helfen, sich auf die Inhalte besser einzulassen und anzukommen.<\/p>\n\n\n\n<p class=\"has-medium-font-size\">F\u00fcr Kinder mit F\u00f6rderschwerpunkt Lernen kann die eigene Selbstorganisation noch erschwert sein und auch sie erfahren so eine wichtige Hilfe und St\u00fctze.<\/p>\n\n\n\n<p class=\"has-medium-font-size\">Kinder, die noch wenig Deutschkenntnisse haben, profitieren von wiederkehrenden Satzstrukturen und Elementen und k\u00f6nnen sich ebenfalls besser zurechtfinden.<\/p>\n\n\n\n<p class=\"has-medium-font-size\">Rituale werden in den Klassen erarbeitet und sorgen f\u00fcr klare Abl\u00e4ufe. Diese k\u00f6nnen sein:<\/p>\n\n\n\n<ul class=\"has-medium-font-size wp-block-list\">\n<li>Aufr\u00e4ummusik<\/li>\n\n\n\n<li>akustische Signale<\/li>\n\n\n\n<li>klare Aufgabenreihenfolge (Differenzierung)<\/li>\n\n\n\n<li>Gl\u00fcckskind des Tages<\/li>\n\n\n\n<li>feste Zeiten f\u00fcr Ehrungen<\/li>\n<\/ul>\n\n\n\n<p class=\"has-medium-font-size\">Die gleichen Regeln, die f\u00fcr alle Klassen gelten, helfen insbesondere bei zusammengesetzten Lerngruppen f\u00fcr Klarheit in den Erwartungen.<\/p>\n\n\n\n<p class=\"has-medium-font-size\" style=\"text-decoration:underline\"><strong>Exkurs Methodenkonzept<\/strong><strong><\/strong><\/p>\n\n\n\n<p class=\"has-text-align-justify has-medium-font-size\">Mit dem Ziel, unsere Sch\u00fclerinnen und Sch\u00fcler zu bef\u00e4higen, eigenverantwortlich zu lernen und zu arbeiten, streben wir an der GGS Eick die stetige und systematische Steigerung der Methodenkompetenz und damit den Ausbau von Lernstrategien an.<\/p>\n\n\n\n<p class=\"has-medium-font-size\" style=\"text-decoration:underline\"><strong>Methodenkompetenz \u2013 Was ist das?<\/strong><strong><\/strong><\/p>\n\n\n\n<p class=\"has-text-align-justify has-medium-font-size\">Methodenkompetenz bezeichnet die wichtige F\u00e4higkeit, verschiedene Arbeitstechniken sachbezogen und situationsgerecht zu nutzen und Lernstrategien zu entwickeln. Der Ausbau der Methodenkompetenz ist der Schl\u00fcssel zu mehr M\u00fcndigkeit und zur F\u00f6rderung des Lernerfolgs und der Lernmotivation der Sch\u00fclerinnen und Sch\u00fcler. Sie sind durch ein breites Repertoire von Methoden zunehmend in der Lage, ihre Lernwege selbst mitzuentwickeln. Dieses Repertoire muss sukzessiv erarbeitet, stetig ge\u00fcbt und immer wieder wiederholt werden.<\/p>\n\n\n\n<p class=\"has-medium-font-size\" style=\"text-decoration:underline\"><strong>Methoden an der GGS Eick<\/strong><strong><\/strong><\/p>\n\n\n\n<p class=\"has-medium-font-size\">Zu den zu erlernenden Methoden an der GGS Eick geh\u00f6ren<\/p>\n\n\n\n<ul class=\"has-medium-font-size wp-block-list\">\n<li>Sozial- und Arbeitsformen<\/li>\n\n\n\n<li class=\"has-medium-font-size\">Lerntechniken und Arbeitsorganisation,<\/li>\n\n\n\n<li>Umgang mit Medien und<\/li>\n\n\n\n<li>Kooperative Lernformen.<\/li>\n<\/ul>\n\n\n\n<p class=\"has-medium-font-size\">Die Kompetenzen, die die genannten Methoden beinhalten und an unserer Schule genutzt werden, sind im Folgenden aufgef\u00fchrt.<\/p>\n\n\n\n<p class=\"has-medium-font-size\" style=\"text-decoration:underline\"><strong>Sozial- und Arbeitsformen<\/strong><strong><\/strong><\/p>\n\n\n\n<ul class=\"has-medium-font-size wp-block-list\">\n<li>Einzelarbeit<\/li>\n\n\n\n<li>Partnerarbeit<\/li>\n\n\n\n<li>Gruppenarbeit<\/li>\n\n\n\n<li>Stationsarbeit<\/li>\n\n\n\n<li>Stuhl-, Sitz-, Stehkreis<\/li>\n\n\n\n<li>Kinositz<\/li>\n<\/ul>\n\n\n\n<p class=\"has-medium-font-size\" style=\"text-decoration:underline\"><strong>Lerntechniken und Arbeitsorganisation<\/strong><strong><\/strong><\/p>\n\n\n\n<figure class=\"wp-block-table aligncenter\"><table><tbody><tr><td class=\"has-text-align-left\" data-align=\"left\"><strong>Kompetenzen<\/strong><\/td><td class=\"has-text-align-center\" data-align=\"center\"><strong>Klasse 1<\/strong><\/td><td class=\"has-text-align-center\" data-align=\"center\"><strong>Klasse 2<\/strong><\/td><td class=\"has-text-align-center\" data-align=\"center\"><strong>Klasse 3<\/strong><\/td><td class=\"has-text-align-center\" data-align=\"center\"><strong>Klasse 4<\/strong><\/td><\/tr><tr><td class=\"has-text-align-left\" data-align=\"left\">Arbeitsanweisungen selbstst\u00e4ndig erlesen, verstehen und umsetzen<\/td><td class=\"has-text-align-center\" data-align=\"center\"><strong>x<\/strong><\/td><td class=\"has-text-align-center\" data-align=\"center\"><strong>x<\/strong><\/td><td class=\"has-text-align-center\" data-align=\"center\"><strong>x<\/strong><\/td><td class=\"has-text-align-center\" data-align=\"center\"><strong>x<\/strong><\/td><\/tr><tr><td class=\"has-text-align-left\" data-align=\"left\">Arbeitszeit einteilen<\/td><td class=\"has-text-align-center\" data-align=\"center\"><strong>x<\/strong><\/td><td class=\"has-text-align-center\" data-align=\"center\"><strong>x<\/strong><\/td><td class=\"has-text-align-center\" data-align=\"center\"><strong>x<\/strong><\/td><td class=\"has-text-align-center\" data-align=\"center\"><strong>x<\/strong><\/td><\/tr><tr><td class=\"has-text-align-left\" data-align=\"left\">Ausmalen<\/td><td class=\"has-text-align-center\" data-align=\"center\"><strong>x<\/strong><\/td><td class=\"has-text-align-center\" data-align=\"center\"><strong>x<\/strong><\/td><td class=\"has-text-align-center\" data-align=\"center\"><strong>x<\/strong><\/td><td class=\"has-text-align-center\" data-align=\"center\"><strong>x<\/strong><\/td><\/tr><tr><td class=\"has-text-align-left\" data-align=\"left\">Ausschneiden<\/td><td class=\"has-text-align-center\" data-align=\"center\"><strong>x<\/strong><\/td><td class=\"has-text-align-center\" data-align=\"center\"><strong>x<\/strong><\/td><td class=\"has-text-align-center\" data-align=\"center\"><strong>x<\/strong><\/td><td class=\"has-text-align-center\" data-align=\"center\"><strong>x<\/strong><\/td><\/tr><tr><td class=\"has-text-align-left\" data-align=\"left\">Auswendiglernen<\/td><td class=\"has-text-align-center\" data-align=\"center\"><strong>x<\/strong><\/td><td class=\"has-text-align-center\" data-align=\"center\"><strong>x<\/strong><\/td><td class=\"has-text-align-center\" data-align=\"center\"><strong>x<\/strong><\/td><td class=\"has-text-align-center\" data-align=\"center\"><strong>x<\/strong><\/td><\/tr><tr><td class=\"has-text-align-left\" data-align=\"left\">Falten<\/td><td class=\"has-text-align-center\" data-align=\"center\"><strong>x<\/strong><\/td><td class=\"has-text-align-center\" data-align=\"center\"><strong>x<\/strong><\/td><td class=\"has-text-align-center\" data-align=\"center\"><strong>x<\/strong><\/td><td class=\"has-text-align-center\" data-align=\"center\"><strong>x<\/strong><\/td><\/tr><tr><td class=\"has-text-align-left\" data-align=\"left\">Falten<\/td><td class=\"has-text-align-center\" data-align=\"center\"><strong>x<\/strong><\/td><td class=\"has-text-align-center\" data-align=\"center\"><strong>x<\/strong><\/td><td class=\"has-text-align-center\" data-align=\"center\"><strong>x<\/strong><\/td><td class=\"has-text-align-center\" data-align=\"center\"><strong>x<\/strong><\/td><\/tr><tr><td class=\"has-text-align-left\" data-align=\"left\">Hausaufgaben notieren<\/td><td class=\"has-text-align-center\" data-align=\"center\">&nbsp;<\/td><td class=\"has-text-align-center\" data-align=\"center\"><strong>x<\/strong><\/td><td class=\"has-text-align-center\" data-align=\"center\"><strong>x<\/strong><\/td><td class=\"has-text-align-center\" data-align=\"center\"><strong>x<\/strong><\/td><\/tr><tr><td class=\"has-text-align-left\" data-align=\"left\">Heft- und Mappenf\u00fchrung<\/td><td class=\"has-text-align-center\" data-align=\"center\"><strong>x<\/strong><\/td><td class=\"has-text-align-center\" data-align=\"center\"><strong>x<\/strong><\/td><td class=\"has-text-align-center\" data-align=\"center\"><strong>x<\/strong><\/td><td class=\"has-text-align-center\" data-align=\"center\"><strong>x<\/strong><\/td><\/tr><tr><td class=\"has-text-align-left\" data-align=\"left\">Heftseiten gestalten (Datum, Aufgabe)<\/td><td class=\"has-text-align-center\" data-align=\"center\">&nbsp;<\/td><td class=\"has-text-align-center\" data-align=\"center\"><strong>x<\/strong><\/td><td class=\"has-text-align-center\" data-align=\"center\"><strong>x<\/strong><\/td><td class=\"has-text-align-center\" data-align=\"center\"><strong>x<\/strong><\/td><\/tr><tr><td class=\"has-text-align-left\" data-align=\"left\">Informationen aus dem Internet entnehmen<\/td><td class=\"has-text-align-center\" data-align=\"center\">&nbsp;<\/td><td class=\"has-text-align-center\" data-align=\"center\">&nbsp;<\/td><td class=\"has-text-align-center\" data-align=\"center\"><strong>x<\/strong><\/td><td class=\"has-text-align-center\" data-align=\"center\"><strong>x<\/strong><\/td><\/tr><tr><td class=\"has-text-align-left\" data-align=\"left\">Informationen in B\u00fcchern suchen<\/td><td class=\"has-text-align-center\" data-align=\"center\">&nbsp;<\/td><td class=\"has-text-align-center\" data-align=\"center\"><strong>x<\/strong><\/td><td class=\"has-text-align-center\" data-align=\"center\"><strong>x<\/strong><\/td><td class=\"has-text-align-center\" data-align=\"center\"><strong>x<\/strong><\/td><\/tr><tr><td class=\"has-text-align-left\" data-align=\"left\">Kleben<\/td><td class=\"has-text-align-center\" data-align=\"center\"><strong>x<\/strong><\/td><td class=\"has-text-align-center\" data-align=\"center\"><strong>x<\/strong><\/td><td class=\"has-text-align-center\" data-align=\"center\"><strong>x<\/strong><\/td><td class=\"has-text-align-center\" data-align=\"center\"><strong>x<\/strong><\/td><\/tr><tr><td class=\"has-text-align-left\" data-align=\"left\">Lernplakat erstellen und pr\u00e4sentieren<\/td><td class=\"has-text-align-center\" data-align=\"center\">&nbsp;<\/td><td class=\"has-text-align-center\" data-align=\"center\"><strong>x<\/strong><\/td><td class=\"has-text-align-center\" data-align=\"center\"><strong>x<\/strong><\/td><td class=\"has-text-align-center\" data-align=\"center\"><strong>x<\/strong><\/td><\/tr><tr><td class=\"has-text-align-left\" data-align=\"left\">Markieren<\/td><td class=\"has-text-align-center\" data-align=\"center\">&nbsp;<\/td><td class=\"has-text-align-center\" data-align=\"center\"><strong>x<\/strong><\/td><td class=\"has-text-align-center\" data-align=\"center\"><strong>x<\/strong><\/td><td class=\"has-text-align-center\" data-align=\"center\"><strong>x<\/strong><\/td><\/tr><tr><td class=\"has-text-align-left\" data-align=\"left\">Mit Arbeitsmaterial angemessen umgehen<\/td><td class=\"has-text-align-center\" data-align=\"center\"><strong>x<\/strong><\/td><td class=\"has-text-align-center\" data-align=\"center\"><strong>x<\/strong><\/td><td class=\"has-text-align-center\" data-align=\"center\"><strong>x<\/strong><\/td><td class=\"has-text-align-center\" data-align=\"center\"><strong>x<\/strong><\/td><\/tr><tr><td class=\"has-text-align-left\" data-align=\"left\">Mit dem Lineal arbeiten<\/td><td class=\"has-text-align-center\" data-align=\"center\"><strong>x<\/strong><\/td><td class=\"has-text-align-center\" data-align=\"center\"><strong>x<\/strong><\/td><td class=\"has-text-align-center\" data-align=\"center\"><strong>x<\/strong><\/td><td class=\"has-text-align-center\" data-align=\"center\"><strong>x<\/strong><\/td><\/tr><tr><td class=\"has-text-align-left\" data-align=\"left\">Mit dem Logbuch arbeiten<\/td><td class=\"has-text-align-center\" data-align=\"center\"><strong>x<\/strong><\/td><td class=\"has-text-align-center\" data-align=\"center\"><strong>x<\/strong><\/td><td class=\"has-text-align-center\" data-align=\"center\"><strong>x<\/strong><\/td><td class=\"has-text-align-center\" data-align=\"center\"><strong>x<\/strong><\/td><\/tr><tr><td class=\"has-text-align-left\" data-align=\"left\">Ordnung halten (Arbeitsplatz, Fach, Ranzen)<\/td><td class=\"has-text-align-center\" data-align=\"center\"><strong>x<\/strong><\/td><td class=\"has-text-align-center\" data-align=\"center\"><strong>x<\/strong><\/td><td class=\"has-text-align-center\" data-align=\"center\"><strong>x<\/strong><\/td><td class=\"has-text-align-center\" data-align=\"center\"><strong>x<\/strong><\/td><\/tr><tr><td class=\"has-text-align-left\" data-align=\"left\">Seiten gestalten (Datum, \u00dcberschrift)<\/td><td class=\"has-text-align-center\" data-align=\"center\">&nbsp;<\/td><td class=\"has-text-align-center\" data-align=\"center\"><strong>x<\/strong><\/td><td class=\"has-text-align-center\" data-align=\"center\"><strong>x<\/strong><\/td><td class=\"has-text-align-center\" data-align=\"center\"><strong>x<\/strong><\/td><\/tr><tr><td class=\"has-text-align-left\" data-align=\"left\">Selbstst\u00e4ndiges Kontrollieren<\/td><td class=\"has-text-align-center\" data-align=\"center\"><strong>x<\/strong><\/td><td class=\"has-text-align-center\" data-align=\"center\"><strong>x<\/strong><\/td><td class=\"has-text-align-center\" data-align=\"center\"><strong>x<\/strong><\/td><td class=\"has-text-align-center\" data-align=\"center\"><strong>x<\/strong><\/td><\/tr><tr><td class=\"has-text-align-left\" data-align=\"left\">Selbstst\u00e4ndiges \u00dcben<\/td><td class=\"has-text-align-center\" data-align=\"center\"><strong>x<\/strong><\/td><td class=\"has-text-align-center\" data-align=\"center\"><strong>x<\/strong><\/td><td class=\"has-text-align-center\" data-align=\"center\"><strong>x<\/strong><\/td><td class=\"has-text-align-center\" data-align=\"center\"><strong>x<\/strong><\/td><\/tr><tr><td class=\"has-text-align-left\" data-align=\"left\">Tabellen und Schaubilder zeichnen<\/td><td class=\"has-text-align-center\" data-align=\"center\">&nbsp;<\/td><td class=\"has-text-align-center\" data-align=\"center\"><strong>x<\/strong><\/td><td class=\"has-text-align-center\" data-align=\"center\"><strong>x<\/strong><\/td><td class=\"has-text-align-center\" data-align=\"center\"><strong>x<\/strong><\/td><\/tr><tr><td class=\"has-text-align-left\" data-align=\"left\">Zusammenh\u00e4ngend erz\u00e4hlen k\u00f6nnen<\/td><td class=\"has-text-align-center\" data-align=\"center\"><strong>x<\/strong><\/td><td class=\"has-text-align-center\" data-align=\"center\"><strong>x<\/strong><\/td><td class=\"has-text-align-center\" data-align=\"center\"><strong>x<\/strong><\/td><td class=\"has-text-align-center\" data-align=\"center\"><strong>x<\/strong><\/td><\/tr><\/tbody><\/table><\/figure>\n\n\n\n<p class=\"has-medium-font-size\" style=\"text-decoration:underline\"><strong>Umgang mit Medien<\/strong><\/p>\n\n\n\n<p class=\"has-medium-font-size\">Die Methoden zum Umgang mit Medien werden ausf\u00fchrlich im&nbsp;<a href=\"https:\/\/www.ggs-eick.de\/home\/index.php\/unsereschule1-2\/schulprogramm1\/schulprogramm1-2\">Medienkonzept<\/a>&nbsp;der GGS Eick erl\u00e4utert.<\/p>\n\n\n\n<p class=\"has-medium-font-size\" style=\"text-decoration:underline\"><strong>Kooperative Lernformen<\/strong><\/p>\n\n\n\n<p class=\"has-medium-font-size\">Diese kooperativen Lernformen werden jeweils in allen Klassen entsprechend der Reihenfolge mindestens eingef\u00fchrt.<\/p>\n\n\n\n<div class=\"wp-block-uagb-image aligncenter uagb-block-7d77e3bf wp-block-uagb-image--layout-default wp-block-uagb-image--effect-static wp-block-uagb-image--align-center\"><figure class=\"wp-block-uagb-image__figure\"><img decoding=\"async\" srcset=\"https:\/\/www.ggs-eick.de\/cms\/wp-content\/uploads\/2023\/09\/Lehren-und-Lernen-Koop-Methoden_NEU.png \" sizes=\"auto, (max-width: 480px) 150px\" src=\"https:\/\/www.ggs-eick.de\/cms\/wp-content\/uploads\/2023\/09\/Lehren-und-Lernen-Koop-Methoden_NEU.png\" alt=\"\" class=\"uag-image-1381\" width=\"618\" height=\"797\" title=\"\" loading=\"lazy\"\/><\/figure><\/div>\n\n\n\n<p class=\"has-text-align-justify has-medium-font-size\">Im Jahrgangsstufenteam werden gemeinsam Einf\u00fchrungstagen geplant, an denen die verschiedenen Methoden eingef\u00fchrt werden. Jeweils ein verpflichtender Einf\u00fchrungstag findet im Monat Dezember, einer im Februar und einer im April statt. Auf einem Klassenplakat kann festgehalten werden, ob die Einf\u00fchrung schon erfolgt ist, die Methode sogar bereits ge\u00fcbt und vertieft wurde.<\/p>\n\n\n\n<p class=\"has-medium-font-size\" style=\"text-decoration:underline\"><strong>Selbstst\u00e4ndiges Arbeiten<\/strong><strong><\/strong><\/p>\n\n\n\n<p class=\"has-text-align-justify has-medium-font-size\">Das selbstst\u00e4ndige Arbeiten hat f\u00fcr die Sch\u00fclerinnen und Sch\u00fcler eine lebensweltliche Bedeutung und verhilft ihnen auch beim sp\u00e4teren Lernen und im Beruf, sich und ihr Tun zu organisieren und zu strukturieren. Aus diesem Grund wollen wir hier in unserer Weiterarbeit einen Fokus darauf legen.<\/p>\n\n\n\n<p class=\"has-text-align-justify has-medium-font-size\">Neben der F\u00e4higkeit, sich und sein Arbeiten zu organisieren, braucht es auch eine entsprechende intrinsische Motivation, dies zu verfolgen. Schrittweise wollen wir daher dahin kommen, den Kindern Anleitungen und \u00dcbungsformen an die Hand zu geben, aus dessen Repertoire sie ihr eigenes \u00dcben und Lernen organisieren k\u00f6nnen und damit auch Verantwortung daf\u00fcr \u00fcbernehmen. Einzelne Elemente werden im Rahmen von F\u00f6rderphasen oder der Freien Arbeit bereits umgesetzt.<\/p>\n\n\n\n<p class=\"has-medium-font-size\" style=\"text-decoration:underline\"><strong>Leben der Vielfalt<\/strong><strong><\/strong><\/p>\n\n\n\n<p class=\"has-text-align-justify has-medium-font-size\">An unserer Schule legen wir einen gro\u00dfen Wert darauf, Anderssein und Besonderheiten als Lernchancen und Bereicherung f\u00fcr alle zu begreifen. Durch das Gemeinsame Lernen sind Kinder mit und ohne F\u00f6rderschwerpunkte im Klassenverband \u2013 eine Chance sowohl f\u00fcr die Kinder, die gezielt gef\u00f6rdert werden als auch f\u00fcr die Kinder, die keine gesonderte F\u00f6rderung brauchen. Denn Akzeptanz, Wertsch\u00e4tzung, Respekt und das Aufeinander-Eingehen lernt sich im t\u00e4glichen Austausch und Lernen, vielf\u00e4ltige Erfahrungen erm\u00f6glichen es den Kindern, mit unterschiedlichen Lerntypen und St\u00e4rken konstruktiv umzugehen.<\/p>\n\n\n\n<p class=\"has-text-align-justify has-medium-font-size\">Gleiches gilt auch f\u00fcr Kinder, die andere kulturelle oder famili\u00e4re Pr\u00e4gungen und weitere Sprachen in unsere Schule einbringen. Durch vielf\u00e4ltige Begegnungen k\u00f6nnen \u00c4ngste und auch Vorurteile abgebaut werden und die Kinder lernen in einer (kulturell) vielf\u00e4ltigen Gemeinschaft zu leben. Auch Kinder mit weiteren Besonderheiten finden hier ihren Platz und erfahren Akzeptanz und Wertsch\u00e4tzung.&nbsp;<\/p>\n\n\n\n<p class=\"has-text-align-justify has-medium-font-size\">In diesem Zusammenhang ist es uns wichtig auf eine Chancengleichheit aller Kinder unabh\u00e4ngig auch von der geschlechtlichen Orientierung durch Ber\u00fccksichtigung der unterschiedlichen Bed\u00fcrfnisse hinzuwirken.<\/p>\n\n\n\n<p class=\"has-text-align-justify has-medium-font-size\">Im Unterricht muss daher bei der Auswahl von Unterrichtsinhalten und -materialien darauf R\u00fccksicht genommen werden, dass Kinder sich unabh\u00e4ngig von ihrer pers\u00f6nlichen Disposition, ihrer Herkunft oder z.B. geschlechtlichen Orientierung zu gleichen Teilen angesprochen f\u00fchlen k\u00f6nnen. Daraus ergibt sich die notwendige Voraussetzung, den Sch\u00fclerinnen und Sch\u00fclern \u2013 auch in ihrer Heterogenit\u00e4t \u2013 unterschiedliche Zug\u00e4nge zu den jeweiligen Unterrichtsinhalten zu erm\u00f6glichen. Rollenbilder und -zuschreibungen auch z.B. in Lehrwerken versuchen wir daher bewusst wahrzunehmen und sensibel damit umzugehen und offen und selbstverst\u00e4ndlich andere famil\u00e4re Settings annehmen. Auch ein gendersensibler Umgang mit der Sprache ist wichtig.<\/p>\n\n\n\n<p class=\"has-text-align-justify has-medium-font-size\">Durch unser Projekt \u201eKunterbunt\u201c werden bewusst Akzente und Impulse in den Unterricht gegeben. Dabei wird Vielfalt breit gesehen und die verschiedenen Unterthemen im Unterricht gezielt oder in Ritualen immer wieder beleuchtet.<\/p>\n\n\n\n<p class=\"has-text-align-justify has-medium-font-size\">Rituale k\u00f6nnen zum Beispiel das Begr\u00fc\u00dfen in verschiedenen Sprachen sein. Im Unterricht dienen bewusst ausgew\u00e4hlte Kinderb\u00fccher und Materialien dazu, die Vielfalt aufzugreifen und sie damit zu etwas Allt\u00e4glichem und Vertrautem f\u00fcr die Kinder zu machen.<\/p>\n\n\n\n<p class=\"has-medium-font-size\" style=\"text-decoration:underline\"><strong>Kooperation<\/strong><strong><\/strong><\/p>\n\n\n\n<p class=\"has-text-align-justify has-medium-font-size\">Die F\u00e4higkeit, kooperieren zu k\u00f6nnen, ist eine lebensweltliche. Aus diesem Grund nutzen wir kooperative Methoden und Arbeitsformen, um unsere Kinder in ihrer Kooperationsf\u00e4higkeit zu f\u00f6rdern.<\/p>\n\n\n\n<p class=\"has-medium-font-size\">Im Methodenkonzept und im Erziehungskonzept sind unsere Potentiale und Umsetzungen n\u00e4her skizziert.<\/p>\n\n\n\n<p class=\"has-medium-font-size\" style=\"text-decoration:underline\"><strong>Kognitive Aktivierung<\/strong><strong><\/strong><\/p>\n\n\n\n<p class=\"has-medium-font-size\">\u201eKognition bezeichnet die mentalen Prozesse und Funktionen des Denkens und Probleml\u00f6sens, die f\u00fcr das Lernen in der Schule unverzichtbar sind.\u201c<\/p>\n\n\n\n<p class=\"has-text-align-justify has-medium-font-size\">Auf Grundlage von Piagets Ansatz zur Entwicklung der Kognition und im Sinne von Wygotskis \u201eZone der proximalen Entwicklung\u201c m\u00f6chten wir unsere Kinder bei der Weiterentwicklung ihres Denkens, einschlie\u00dflich des Probleml\u00f6sens, der Wahrnehmung, des logischen Denkens und der Strategien f\u00f6rdern und sie \u201eins Denken bringen\u201c. Dazu nutzen wir beispielsweise in der Erarbeitungsphase visuelle, haptische oder sprachliche Impulse, mit denen sich die Kinder besch\u00e4ftigen und in das Thema hereinkommen k\u00f6nnen. Gleichzeitig sind Aufgaben so gestaltet, dass auch Reflexionsaufgaben oder bewusst weiterf\u00fchrende Aufgaben dazu geh\u00f6ren, die im Austausch mit anderen, auf Grundlage des erworbenen Wissens und durch Transferleistungen zu l\u00f6sen sind. Die einzelnen Arbeitspl\u00e4ne beinhalten daher Hinweise. Im Rahmen der methodischen M\u00f6glichkeiten sowie durch Forder- und F\u00f6rderchancen werden hier immer wieder Lernchancen er\u00f6ffnet.<\/p>\n\n\n\n<p class=\"has-medium-font-size\" style=\"text-decoration:underline\"><strong>Das Logbuch<\/strong><strong><\/strong><\/p>\n\n\n\n<p class=\"has-text-align-justify has-medium-font-size\">Aus dem Schiffahrtsgenre kommt der Begriff des Logbuches, eine Art \u00dcbersichtsplan und Wegweiser durch das Meer. Bedingt durch die 1. Schulschlie\u00dfung im Rahmen der Corona-Pandemie 2020 haben wir gemeinsam \u00fcberlegt und evaluiert, wie Lernen begleitet werden kann. Durch unser Logbuch gehen wir den Kindern eine \u00dcbersicht \u00fcber die aktuelle Woche: die Themen sowie Aufgaben f\u00fcr die jeweiligen F\u00e4cher werden notiert. Je nachdem, ob Pr\u00e4senz- oder Distanzunterricht stattfindet, in unterschiedlichem Umfang.<\/p>\n\n\n\n<p class=\"has-medium-font-size\">Auch bietet es die M\u00f6glichkeit, dass sich die Kinder wochenweise eigene Ziele setzen und reflektieren, inwieweit diese erreicht wurden. Das Lernen-Lernen wird hier also mit verankert.<\/p>\n\n\n\n<p class=\"has-text-align-justify has-medium-font-size\">Als Hilfestellung und bekanntes Format begleitet&nbsp; es uns in den verschiedenen Unterrichtsformen \u2013 Pr\u00e4senz-, Distanz- und Wechselunterricht \u2013 und als Kommunikationsmedium mit den Eltern sowie als Strukturierungshilfe f\u00fcr die Kinder \u2013 damit hat es seinen festen Platz im Schulalltag etabliert.<\/p>\n\n\n\n<p class=\"has-small-font-size\">Copyright \u00a9 2023 GGS Eick, Moers.<\/p>\n<\/div><\/div><\/div><\/div><\/div>\n","protected":false},"excerpt":{"rendered":"","protected":false},"author":1,"featured_media":0,"parent":0,"menu_order":0,"comment_status":"closed","ping_status":"closed","template":"","meta":{"_uag_custom_page_level_css":"","footnotes":""},"class_list":["post-1027","page","type-page","status-publish","hentry"],"jetpack_sharing_enabled":true,"uagb_featured_image_src":{"full":false,"thumbnail":false,"medium":false,"medium_large":false,"large":false,"1536x1536":false,"2048x2048":false,"post-thumbnail":false,"gutenix-thumb-s":false,"gutenix-thumb-m":false,"gutenix-thumb-post":false,"gutenix-thumb-l":false,"gutenix-thumb-xl":false,"gutenix-thumb-grid-2col":false,"gutenix-thumb-masonry":false,"gutenix-thumb-masonry-2col":false,"gutenix-thumb-justify":false},"uagb_author_info":{"display_name":"ggsadmin","author_link":"https:\/\/www.ggs-eick.de\/cms\/author\/ggsadmin\/"},"uagb_comment_info":0,"uagb_excerpt":null,"_links":{"self":[{"href":"https:\/\/www.ggs-eick.de\/cms\/wp-json\/wp\/v2\/pages\/1027","targetHints":{"allow":["GET"]}}],"collection":[{"href":"https:\/\/www.ggs-eick.de\/cms\/wp-json\/wp\/v2\/pages"}],"about":[{"href":"https:\/\/www.ggs-eick.de\/cms\/wp-json\/wp\/v2\/types\/page"}],"author":[{"embeddable":true,"href":"https:\/\/www.ggs-eick.de\/cms\/wp-json\/wp\/v2\/users\/1"}],"replies":[{"embeddable":true,"href":"https:\/\/www.ggs-eick.de\/cms\/wp-json\/wp\/v2\/comments?post=1027"}],"version-history":[{"count":13,"href":"https:\/\/www.ggs-eick.de\/cms\/wp-json\/wp\/v2\/pages\/1027\/revisions"}],"predecessor-version":[{"id":1458,"href":"https:\/\/www.ggs-eick.de\/cms\/wp-json\/wp\/v2\/pages\/1027\/revisions\/1458"}],"wp:attachment":[{"href":"https:\/\/www.ggs-eick.de\/cms\/wp-json\/wp\/v2\/media?parent=1027"}],"curies":[{"name":"wp","href":"https:\/\/api.w.org\/{rel}","templated":true}]}}